{"id":283,"date":"2025-07-09T12:28:30","date_gmt":"2025-07-09T10:28:30","guid":{"rendered":"https:\/\/dubois.org.pl\/?page_id=283"},"modified":"2025-09-07T14:00:13","modified_gmt":"2025-09-07T12:00:13","slug":"harmonogram-obchodow-80-lecia","status":"publish","type":"page","link":"https:\/\/dubois.org.pl\/index.php\/harmonogram-obchodow-80-lecia\/","title":{"rendered":"Harmonogram Obchod\u00f3w 80-lecia"},"content":{"rendered":"\n<p>Absolwent\u00f3w serdeczenie zapraszamy do udzia\u0142u we wszystkich zaplanowanych&nbsp;wydarzeniach. Szczeg\u00f3\u0142y b\u0119d\u0105 pojawia\u0107 si\u0119 na stronie internetowej oraz naszym&nbsp;profilu na Facebook&#8217;u.&nbsp;<\/p>\n\n\n\n<h2 class=\"wp-block-heading\">22.09.2025 r.<\/h2>\n\n\n\n<p>Koncert &#8222;Prywatka w Dubois&#8221; &#8211; Scena BTD w Koszalinie (godz. 18:00)<\/p>\n\n\n\n<h2 class=\"wp-block-heading\">23.09.2025 r.<\/h2>\n\n\n\n<p>Posadzenie drzewa (d\u0119bu) ko\u0142o biblioteki na terenie parku im. Tadeusza Ko\u015bciuszki w tzw. Alei Pami\u0119ci (godz. 12:00), Plac Polonii 1<\/p>\n\n\n\n<h2 class=\"wp-block-heading\">24.09.2025 r.<\/h2>\n\n\n\n<p>Przemarsz uczni\u00f3w i nauczycieli tras\u0105 miejsc, w kt\u00f3rych mie\u015bci\u0142o si\u0119 Gimnazjum i Liceum im. St. Dubois w Koszalinie i odta\u0144czenie belgijki na rynku przed ratuszem (godz. 10:00-11:30)<\/p>\n\n\n\n<h2 class=\"wp-block-heading\">25.09.2025 r.<\/h2>\n\n\n\n<p>Przedstawienie sztuki S\u0142awomira Mro\u017cka &#8222;Indyk&#8221; w re\u017c. prof. Tomasza St\u0119pniaka i wykonaniu uczni\u00f3w i nauczycieli I LO &#8211; dziedziniec szko\u0142y lub strych (godz. 18:00)<\/p>\n\n\n\n<h2 class=\"wp-block-heading\">26.09.2025 r.<\/h2>\n\n\n\n<p>Uroczysto\u015b\u0107 szkolna 80-lecie I LO w Koszalinie (godz. 12:00) <\/p>\n\n\n\n<p>Koncert jubileuszowy Filharmonii Koszali\u0144skiej pod batut\u0105 pani Marzeny Diakun &#8211; absolwentki I LO w Koszalinie (godz. 18:30)<\/p>\n\n\n\n<h2 class=\"wp-block-heading\">27.09.2025 r.<\/h2>\n\n\n\n<p>od godz. 8.00 rejestracja Uczestnik\u00f3w Zjazdu w sekretariacie <\/p>\n\n\n\n<p>9.00 msza \u015bw. w Katedrze NMP<\/p>\n\n\n\n<p>11.00 ods\u0142oni\u0119cie odnowionych drzwi<\/p>\n\n\n\n<p>11.30 spotkanie w Hali Sportowej I LO<\/p>\n\n\n\n<p>13.00 Walne Zebranie Sprawozdawcze Cz\u0142onk\u00f3w Towarzystwa &#8222;DUBOIS&#8221;<\/p>\n\n\n\n<p>13.00-15.00 spotkania w klasach, zwiedzanie szko\u0142y, kawiarenka &#8222;szkocka&#8221;<\/p>\n\n\n\n<p>20.00-3.00 Bal Absolwent\u00f3w w Hali Widowiskowo-Sportowej przy ul. \u015aniadeckich 4<\/p>\n\n\n\n<h2 class=\"wp-block-heading\">28.09.2025<\/h2>\n\n\n\n<p>od godz. 11.00 szkolne spotkanie i rozmowy pokole\u0144 z udzia\u0142em Absolwent\u00f3w i Profesor\u00f3w w auli I LO<\/p>\n\n\n\n<h2 class=\"wp-block-heading\">29.09.2025 r.<\/h2>\n\n\n\n<p>Przedstawienie sztuki S\u0142awomira Mro\u017cka &#8222;Indyk&#8221; w re\u017c. prof. Tomasza St\u0119pniaka i wykonaniu uczni\u00f3w i nauczycieli I LO &#8211; scena BTD w Koszalinie (godz. 18:00)<\/p>\n","protected":false},"excerpt":{"rendered":"<p>Absolwent\u00f3w serdeczenie zapraszamy do udzia\u0142u we wszystkich zaplanowanych&nbsp;wydarzeniach. Szczeg\u00f3\u0142y b\u0119d\u0105 pojawia\u0107 si\u0119 na stronie internetowej oraz naszym&nbsp;profilu na Facebook&#8217;u.&nbsp; 22.09.2025 r. Koncert &#8222;Prywatka w Dubois&#8221; &#8211; Scena BTD w Koszalinie (godz. 18:00) 23.09.2025 r. Posadzenie drzewa (d\u0119bu) ko\u0142o biblioteki na terenie parku im. Tadeusza Ko\u015bciuszki w tzw. Alei Pami\u0119ci (godz. 12:00), Plac Polonii 1 24.09.2025 &hellip; <\/p>\n<p class=\"link-more\"><a href=\"https:\/\/dubois.org.pl\/index.php\/harmonogram-obchodow-80-lecia\/\" class=\"more-link\">Czytaj dalej<span class=\"screen-reader-text\"> \u201eHarmonogram Obchod\u00f3w 80-lecia\u201d<\/span><\/a><\/p>\n","protected":false},"author":4,"featured_media":0,"parent":0,"menu_order":0,"comment_status":"closed","ping_status":"closed","template":"","meta":{"footnotes":""},"class_list":["post-283","page","type-page","status-publish","hentry"],"_links":{"self":[{"href":"https:\/\/dubois.org.pl\/index.php\/wp-json\/wp\/v2\/pages\/283","targetHints":{"allow":["GET"]}}],"collection":[{"href":"https:\/\/dubois.org.pl\/index.php\/wp-json\/wp\/v2\/pages"}],"about":[{"href":"https:\/\/dubois.org.pl\/index.php\/wp-json\/wp\/v2\/types\/page"}],"author":[{"embeddable":true,"href":"https:\/\/dubois.org.pl\/index.php\/wp-json\/wp\/v2\/users\/4"}],"replies":[{"embeddable":true,"href":"https:\/\/dubois.org.pl\/index.php\/wp-json\/wp\/v2\/comments?post=283"}],"version-history":[{"count":5,"href":"https:\/\/dubois.org.pl\/index.php\/wp-json\/wp\/v2\/pages\/283\/revisions"}],"predecessor-version":[{"id":327,"href":"https:\/\/dubois.org.pl\/index.php\/wp-json\/wp\/v2\/pages\/283\/revisions\/327"}],"wp:attachment":[{"href":"https:\/\/dubois.org.pl\/index.php\/wp-json\/wp\/v2\/media?parent=283"}],"curies":[{"name":"wp","href":"https:\/\/api.w.org\/{rel}","templated":true}]}}